{"version":"1.0","provider_name":"Ida-Viru Ettev\u00f5tluskeskus","provider_url":"https:\/\/ivek.ee\/ru\/","author_name":"Nadezda Morozova","author_url":"https:\/\/ivek.ee\/ru\/author\/nadezda\/","title":"Meediakirjaoskuse, rohep\u00f6\u00f6re ja kogukonna vastupanuv\u00f5ime III suvekool","type":"rich","width":600,"height":338,"html":"<blockquote class=\"wp-embedded-content\" data-secret=\"eIz7LKlrQy\"><a href=\"https:\/\/ivek.ee\/ru\/events\/meediakirjaoskuse-rohepoore-ja-kogukonna-vastupanuvoime-iii-suvekool\/\">\u041b\u0435\u0442\u043d\u044f\u044f \u0448\u043a\u043e\u043b\u0430 III \u043f\u043e \u043c\u0435\u0434\u0438\u0430\u0433\u0440\u0430\u043c\u043e\u0442\u043d\u043e\u0441\u0442\u0438, \u0437\u0435\u043b\u0451\u043d\u043e\u043c\u0443 \u043f\u0435\u0440\u0435\u0445\u043e\u0434\u0443 \u0438 \u0443\u0441\u0442\u043e\u0439\u0447\u0438\u0432\u043e\u0441\u0442\u0438 \u0441\u043e\u043e\u0431\u0449\u0435\u0441\u0442\u0432\u0430.<\/a><\/blockquote><iframe sandbox=\"allow-scripts\" security=\"restricted\" src=\"https:\/\/ivek.ee\/ru\/events\/meediakirjaoskuse-rohepoore-ja-kogukonna-vastupanuvoime-iii-suvekool\/embed\/#?secret=eIz7LKlrQy\" width=\"600\" height=\"338\" title=\"\u00ab\u041b\u0435\u0442\u043d\u044f\u044f \u0448\u043a\u043e\u043b\u0430 III \u043f\u043e \u043c\u0435\u0434\u0438\u0430\u0433\u0440\u0430\u043c\u043e\u0442\u043d\u043e\u0441\u0442\u0438, \u0437\u0435\u043b\u0451\u043d\u043e\u043c\u0443 \u043f\u0435\u0440\u0435\u0445\u043e\u0434\u0443 \u0438 \u0443\u0441\u0442\u043e\u0439\u0447\u0438\u0432\u043e\u0441\u0442\u0438 \u0441\u043e\u043e\u0431\u0449\u0435\u0441\u0442\u0432\u0430.\u00bb &#8212; Ida-Viru Ettev\u00f5tluskeskus\" data-secret=\"eIz7LKlrQy\" frameborder=\"0\" marginwidth=\"0\" marginheight=\"0\" scrolling=\"no\" class=\"wp-embedded-content\"><\/iframe><script>\n\/*! This file is auto-generated *\/\n!function(d,l){\"use strict\";l.querySelector&&d.addEventListener&&\"undefined\"!=typeof URL&&(d.wp=d.wp||{},d.wp.receiveEmbedMessage||(d.wp.receiveEmbedMessage=function(e){var t=e.data;if((t||t.secret||t.message||t.value)&&!\/[^a-zA-Z0-9]\/.test(t.secret)){for(var s,r,n,a=l.querySelectorAll('iframe[data-secret=\"'+t.secret+'\"]'),o=l.querySelectorAll('blockquote[data-secret=\"'+t.secret+'\"]'),c=new RegExp(\"^https?:$\",\"i\"),i=0;i<o.length;i++)o[i].style.display=\"none\";for(i=0;i<a.length;i++)s=a[i],e.source===s.contentWindow&&(s.removeAttribute(\"style\"),\"height\"===t.message?(1e3<(r=parseInt(t.value,10))?r=1e3:~~r<200&&(r=200),s.height=r):\"link\"===t.message&&(r=new URL(s.getAttribute(\"src\")),n=new URL(t.value),c.test(n.protocol))&&n.host===r.host&&l.activeElement===s&&(d.top.location.href=t.value))}},d.addEventListener(\"message\",d.wp.receiveEmbedMessage,!1),l.addEventListener(\"DOMContentLoaded\",function(){for(var e,t,s=l.querySelectorAll(\"iframe.wp-embedded-content\"),r=0;r<s.length;r++)(t=(e=s[r]).getAttribute(\"data-secret\"))||(t=Math.random().toString(36).substring(2,12),e.src+=\"#?secret=\"+t,e.setAttribute(\"data-secret\",t)),e.contentWindow.postMessage({message:\"ready\",secret:t},\"*\")},!1)))}(window,document);\n<\/script>\n","thumbnail_url":"https:\/\/ivek.ee\/wp-content\/uploads\/516439455_1144812577687554_6725168919851776064_n.jpg","thumbnail_width":1880,"thumbnail_height":690,"description":"Suvekooli peamine eesm\u00e4rk on suurendada sihtr\u00fchmade esindajate teadmisi ja oskusi meediap\u00e4devuse, rohe- ja digip\u00f6\u00f6re, positiivse vanemluse teemadest ning suurendada kodaniku\u00fchiskonna aktivismi ja vastupanuv\u00f5ime edendades arutelu teemal kuidas saaksime suurendada Eesti kodaniku\u00fchiskonna v\u00f5imeskust ja s\u00e4ilen\u00f5tkust ning kaardistada tuleviku v\u00e4ljakutsed.Suvekooli sihtgrupp on \u00f5petajad, vaba\u00fchenduste liikmed, kogukonna liidrid, ametnikud ja noored (peamiselt Ida-Virumaalt ja Harjumaalt, kuid avatud osalemiseks ka teistest piirkondadest)."}