{"version":"1.0","provider_name":"Ida-Viru Ettev\u00f5tluskeskus","provider_url":"https:\/\/ivek.ee\/ru\/","author_name":"Nadezda Morozova","author_url":"https:\/\/ivek.ee\/ru\/author\/nadezda\/","title":"\u0424\u043e\u0440\u0443\u043c \u0433\u0440\u0430\u0436\u0434\u0430\u043d\u0441\u043a\u043e\u0433\u043e \u043e\u0431\u0449\u0435\u0441\u0442\u0432\u0430 - \u043f\u043e\u0434\u0443\u043c\u0430\u0435\u043c \u0432\u043c\u0435\u0441\u0442\u0435 \u043e \u0434\u0430\u043b\u044c\u043d\u0435\u0439\u0448\u0438\u0445 \u043f\u0443\u0442\u044f\u0445 \u0440\u0430\u0437\u0432\u0438\u0442\u0438\u044f - Ida-Viru Ettev\u00f5tluskeskus","type":"rich","width":600,"height":338,"html":"<blockquote class=\"wp-embedded-content\" data-secret=\"np4es01SAD\"><a href=\"https:\/\/ivek.ee\/ru\/kodanikuuhiskonna-foorum-kutsub-kaasa-motlema\/\">\u0424\u043e\u0440\u0443\u043c \u0433\u0440\u0430\u0436\u0434\u0430\u043d\u0441\u043a\u043e\u0433\u043e \u043e\u0431\u0449\u0435\u0441\u0442\u0432\u0430 &#8212; \u043f\u043e\u0434\u0443\u043c\u0430\u0435\u043c \u0432\u043c\u0435\u0441\u0442\u0435 \u043e \u0434\u0430\u043b\u044c\u043d\u0435\u0439\u0448\u0438\u0445 \u043f\u0443\u0442\u044f\u0445 \u0440\u0430\u0437\u0432\u0438\u0442\u0438\u044f<\/a><\/blockquote><iframe sandbox=\"allow-scripts\" security=\"restricted\" src=\"https:\/\/ivek.ee\/ru\/kodanikuuhiskonna-foorum-kutsub-kaasa-motlema\/embed\/#?secret=np4es01SAD\" width=\"600\" height=\"338\" title=\"\u00ab\u0424\u043e\u0440\u0443\u043c \u0433\u0440\u0430\u0436\u0434\u0430\u043d\u0441\u043a\u043e\u0433\u043e \u043e\u0431\u0449\u0435\u0441\u0442\u0432\u0430 &#8212; \u043f\u043e\u0434\u0443\u043c\u0430\u0435\u043c \u0432\u043c\u0435\u0441\u0442\u0435 \u043e \u0434\u0430\u043b\u044c\u043d\u0435\u0439\u0448\u0438\u0445 \u043f\u0443\u0442\u044f\u0445 \u0440\u0430\u0437\u0432\u0438\u0442\u0438\u044f\u00bb &#8212; Ida-Viru Ettev\u00f5tluskeskus\" data-secret=\"np4es01SAD\" frameborder=\"0\" marginwidth=\"0\" marginheight=\"0\" scrolling=\"no\" class=\"wp-embedded-content\"><\/iframe><script>\n\/*! This file is auto-generated *\/\n!function(d,l){\"use strict\";l.querySelector&&d.addEventListener&&\"undefined\"!=typeof URL&&(d.wp=d.wp||{},d.wp.receiveEmbedMessage||(d.wp.receiveEmbedMessage=function(e){var t=e.data;if((t||t.secret||t.message||t.value)&&!\/[^a-zA-Z0-9]\/.test(t.secret)){for(var s,r,n,a=l.querySelectorAll('iframe[data-secret=\"'+t.secret+'\"]'),o=l.querySelectorAll('blockquote[data-secret=\"'+t.secret+'\"]'),c=new RegExp(\"^https?:$\",\"i\"),i=0;i<o.length;i++)o[i].style.display=\"none\";for(i=0;i<a.length;i++)s=a[i],e.source===s.contentWindow&&(s.removeAttribute(\"style\"),\"height\"===t.message?(1e3<(r=parseInt(t.value,10))?r=1e3:~~r<200&&(r=200),s.height=r):\"link\"===t.message&&(r=new URL(s.getAttribute(\"src\")),n=new URL(t.value),c.test(n.protocol))&&n.host===r.host&&l.activeElement===s&&(d.top.location.href=t.value))}},d.addEventListener(\"message\",d.wp.receiveEmbedMessage,!1),l.addEventListener(\"DOMContentLoaded\",function(){for(var e,t,s=l.querySelectorAll(\"iframe.wp-embedded-content\"),r=0;r<s.length;r++)(t=(e=s[r]).getAttribute(\"data-secret\"))||(t=Math.random().toString(36).substring(2,12),e.src+=\"#?secret=\"+t,e.setAttribute(\"data-secret\",t)),e.contentWindow.postMessage({message:\"ready\",secret:t},\"*\")},!1)))}(window,document);\n<\/script>\n","thumbnail_url":"https:\/\/ivek.ee\/wp-content\/uploads\/1.jpg","thumbnail_width":800,"thumbnail_height":451,"description":"K\u00f5ik vaba\u00fchendustes tegutsevad inimesed on oodatud kodaniku\u00fchiskonna foorumile 4. mail kell 13.00-17.00 PROTO avastustehases (Peetri 10, Tallinn). Koguneda saab alates kell 12.30.Enam kui 20 aastat on m\u00f6\u00f6das sellest, kui Riigikogu kinnitas EKAKi ja enam kui viis aastat viimasest kodaniku\u00fchiskonna foorumist. Aeg on taas koos arutada, kust tuleb vabadus ja mis m\u00f5jutab kodanikuruumi. Arutelu juhib Margo Loor (SpeakSmart). Palun anna meile oma osalemisest teada siin."}